{"id":69,"date":"2016-11-17T22:33:58","date_gmt":"2016-11-17T21:33:58","guid":{"rendered":"http:\/\/userpage.fu-berlin.de\/~eigler\/?page_id=69"},"modified":"2026-04-18T17:18:17","modified_gmt":"2026-04-18T15:18:17","slug":"prof-dr-siegfried-eigler","status":"publish","type":"page","link":"https:\/\/userpage.fu-berlin.de\/~eigler\/home\/prof-dr-siegfried-eigler\/","title":{"rendered":"Prof. Dr. Siegfried Eigler"},"content":{"rendered":"\n<div class=\"wp-block-media-text alignwide is-stacked-on-mobile\" style=\"grid-template-columns:34% auto\"><figure class=\"wp-block-media-text__media\"><img loading=\"lazy\" decoding=\"async\" width=\"1024\" height=\"984\" src=\"https:\/\/userpage.fu-berlin.de\/~eigler\/wp-content\/uploads\/2026\/04\/Siegfried_Eigler-1024x984.jpg\" alt=\"\" class=\"wp-image-4220 size-full\" srcset=\"https:\/\/userpage.fu-berlin.de\/~eigler\/wp-content\/uploads\/2026\/04\/Siegfried_Eigler-1024x984.jpg 1024w, https:\/\/userpage.fu-berlin.de\/~eigler\/wp-content\/uploads\/2026\/04\/Siegfried_Eigler-300x288.jpg 300w, https:\/\/userpage.fu-berlin.de\/~eigler\/wp-content\/uploads\/2026\/04\/Siegfried_Eigler-768x738.jpg 768w, https:\/\/userpage.fu-berlin.de\/~eigler\/wp-content\/uploads\/2026\/04\/Siegfried_Eigler-1536x1476.jpg 1536w, https:\/\/userpage.fu-berlin.de\/~eigler\/wp-content\/uploads\/2026\/04\/Siegfried_Eigler-2048x1968.jpg 2048w, https:\/\/userpage.fu-berlin.de\/~eigler\/wp-content\/uploads\/2026\/04\/Siegfried_Eigler-1200x1153.jpg 1200w, https:\/\/userpage.fu-berlin.de\/~eigler\/wp-content\/uploads\/2026\/04\/Siegfried_Eigler-1980x1903.jpg 1980w\" sizes=\"(max-width: 1024px) 100vw, 1024px\" \/><\/figure><div class=\"wp-block-media-text__content\">\n<p>Freie Universit\u00e4t Berlin (FU-Berlin)<br>Institut f\u00fcr Chemie und Biochemie (SupraFAB)<br>Altensteinstra\u00dfe 23A<br>D-14195 Berlin<br>Germany<br>Office: 210<br><br><a href=\"mailto:siegfried.eigler@fu-berlin.de\">siegfried.eigler@fu-berlin.de<\/a><br>Tel.: +49 (0) 30 838 61851<\/p>\n\n\n\n<div class=\"wp-block-buttons is-layout-flex wp-block-buttons-is-layout-flex\">\n<div class=\"wp-block-button\"><a class=\"wp-block-button__link wp-element-button\" href=\"http:\/\/www.bcp.fu-berlin.de\/chemie\/chemie\/forschung\/OrgChem\/eigler\/index.html\">FU Berlin<\/a><\/div>\n\n\n\n<div class=\"wp-block-button\"><a class=\"wp-block-button__link wp-element-button\" href=\"https:\/\/scholar.google.de\/citations?user=jRZ1eWUAAAAJ&amp;hl=de\">Google Scholar profile<\/a><\/div>\n<\/div>\n\n\n\n<p><\/p>\n\n\n\n<div class=\"wp-block-buttons is-layout-flex wp-block-buttons-is-layout-flex\">\n<div class=\"wp-block-button is-style-outline\"><a class=\"wp-block-button__link wp-element-button\" href=\"https:\/\/userpage.fu-berlin.de\/~eigler\/home\/melanie-wellmann-sekretariat\/\">Melanie Wellmann (Secretary)<\/a><\/div>\n<\/div>\n<\/div><\/div>\n\n\n\n<div class=\"wp-block-cover alignfull is-light\"><span aria-hidden=\"true\" class=\"wp-block-cover__background has-subtle-background-background-color has-background-dim-100 has-background-dim\"><\/span><div class=\"wp-block-cover__inner-container is-layout-constrained wp-block-cover-is-layout-constrained\">\n<h2 class=\"wp-block-heading alignwide\">Curriculum Vitae<\/h2>\n\n\n\n<div class=\"wp-block-group alignwide is-content-justification-center is-nowrap is-layout-flex wp-container-core-group-layout-1 wp-block-group-is-layout-flex\">\n<p class=\"wp-container-content-1\">2016<\/p>\n\n\n\n<p class=\"wp-container-content-2\">Professor at Freie Universit\u00e4t Berlin, Institut of Chemistry and Biochemistry, Organic Chemistry, Berlin, Germany<\/p>\n<\/div>\n\n\n\n<div class=\"wp-block-group alignwide is-content-justification-center is-nowrap is-layout-flex wp-container-core-group-layout-2 wp-block-group-is-layout-flex\">\n<p class=\"wp-container-content-3\">2016<\/p>\n\n\n\n<p class=\"wp-container-content-4\">Associate Professor at Chalmers University of Technology, G\u00f6teborg, Sweden<\/p>\n<\/div>\n\n\n\n<div class=\"wp-block-group alignwide is-content-justification-center is-nowrap is-layout-flex wp-container-core-group-layout-3 wp-block-group-is-layout-flex\">\n<p class=\"wp-container-content-5\">2016<\/p>\n\n\n\n<p class=\"wp-container-content-6\">Habilitation in Organic Chemistry at FAU Erlangen-N\u00fcrnberg<\/p>\n<\/div>\n\n\n\n<div class=\"wp-block-group alignwide is-content-justification-center is-nowrap is-layout-flex wp-container-core-group-layout-4 wp-block-group-is-layout-flex\">\n<p class=\"wp-container-content-7\">2014<\/p>\n\n\n\n<p class=\"wp-container-content-8\">Habilitand und DFG Projektleiter: <em>Studies on the synthesis, structure and functionalization of graphene oxide with regard to composite materials and electronic components<\/em>, Friedrich- Alexander-Universit\u00e4t Erlangen-N\u00fcrnberg<\/p>\n<\/div>\n\n\n\n<div class=\"wp-block-group alignwide is-content-justification-center is-nowrap is-layout-flex wp-container-core-group-layout-5 wp-block-group-is-layout-flex\">\n<p class=\"wp-container-content-9\">2011<\/p>\n\n\n\n<p class=\"wp-container-content-10\">Wissenschaftlicher Assistent: <em>Synthesis and reactivity of graphene oxide,<\/em> Central Institute for New Materials and Processes in F\u00fcrth, Friedrich-Alexander-Universit\u00e4t Erlangen-N\u00fcrnberg<\/p>\n<\/div>\n\n\n\n<div class=\"wp-block-group alignwide is-content-justification-center is-nowrap is-layout-flex wp-container-core-group-layout-6 wp-block-group-is-layout-flex\">\n<p class=\"wp-container-content-11\">2006 \u2013 2010<\/p>\n\n\n\n<p class=\"wp-container-content-12\">Projektleiter: DIC Berlin GmbH, R[&amp;]D Laboratory (Forschungsabteilung von Dainippon Ink and Chemicals, jetzt DIC Corporation, Japan)Electroconductive Polymers \u2013 Functionalized GrapheneElectroconductive Polymers \u2013 Polythiophenes and Semiconductors<\/p>\n<\/div>\n<\/div><\/div>\n\n\n\n<h2 class=\"wp-block-heading alignwide\">Publications<\/h2>\n\n\n\n<div class=\"wp-block-group alignwide is-nowrap is-layout-flex wp-container-core-group-layout-7 wp-block-group-is-layout-flex\">\n<p class=\"has-text-align-left wp-container-content-13\">All publications can be found at <a title=\"Google citations:\" href=\"https:\/\/scholar.google.de\/citations?user=jRZ1eWUAAAAJ&amp;hl=de\">Google citations<\/a> or in our <a href=\"http:\/\/userpage.fu-berlin.de\/~eigler\/2017-publications\/\">Publications<\/a> list.<\/p>\n<\/div>\n\n\n\n<div class=\"wp-block-cover alignfull\" style=\"min-height:244px\"><span aria-hidden=\"true\" class=\"wp-block-cover__background has-secondary-background-color has-background-dim-100 has-background-dim\"><\/span><div class=\"wp-block-cover__inner-container is-layout-constrained wp-block-cover-is-layout-constrained\">\n<h2 class=\"wp-block-heading alignwide\">Conferences and Invited Talks<\/h2>\n\n\n\n<div class=\"wp-block-group alignwide is-content-justification-center is-nowrap is-layout-flex wp-container-core-group-layout-8 wp-block-group-is-layout-flex\">\n<p class=\"wp-container-content-14\">11\/2022<\/p>\n\n\n\n<p class=\"wp-container-content-15\"><em>2nd AtomDeC symposium<\/em>, Slovakia,&nbsp;<strong>invited talk<\/strong><\/p>\n<\/div>\n\n\n\n<div class=\"wp-block-group alignwide is-content-justification-center is-nowrap is-layout-flex wp-container-core-group-layout-9 wp-block-group-is-layout-flex\">\n<p class=\"wp-container-content-16\">01\/2022<\/p>\n\n\n\n<p class=\"wp-container-content-17\"><em>1st AtomDeC symposium<\/em>, online,&nbsp;<strong>invited talk<\/strong><\/p>\n<\/div>\n\n\n\n<div class=\"wp-block-group alignwide is-content-justification-center is-nowrap is-layout-flex wp-container-core-group-layout-10 wp-block-group-is-layout-flex\">\n<p class=\"wp-container-content-18\">07\/2021<\/p>\n\n\n\n<p class=\"wp-container-content-19\"><em>Guest Lecture CRC 1415<\/em>, online\/Dresden, <strong>invited talk<\/strong><\/p>\n<\/div>\n\n\n\n<div class=\"wp-block-group alignwide is-content-justification-center is-nowrap is-layout-flex wp-container-core-group-layout-11 wp-block-group-is-layout-flex\">\n<p class=\"wp-container-content-20\">09\/2019<\/p>\n\n\n\n<p class=\"wp-container-content-21\"><em>Chemistry in Live Cells<\/em>, Moskau, Russia,&nbsp;<strong>invited talk<\/strong><\/p>\n<\/div>\n\n\n\n<div class=\"wp-block-group alignwide is-content-justification-center is-nowrap is-layout-flex wp-container-core-group-layout-12 wp-block-group-is-layout-flex\">\n<p class=\"wp-container-content-22\">09\/2019<\/p>\n\n\n\n<p class=\"wp-container-content-23\"><em>Chem2DMat<\/em>, Dresden, Germany,&nbsp;<strong>invited talk<\/strong><\/p>\n<\/div>\n\n\n\n<div class=\"wp-block-group alignwide is-content-justification-center is-nowrap is-layout-flex wp-container-core-group-layout-13 wp-block-group-is-layout-flex\">\n<p class=\"wp-container-content-24\">03\/2019<\/p>\n\n\n\n<p class=\"wp-container-content-25\"><em>International Winterschool on Electronic Properties of Novel Materials<\/em>, Kirchberg, Tirol, <strong>invited talk<\/strong><\/p>\n<\/div>\n\n\n\n<div class=\"wp-block-group alignwide is-content-justification-center is-nowrap is-layout-flex wp-container-core-group-layout-14 wp-block-group-is-layout-flex\">\n<p class=\"wp-container-content-26\">11\/2018<\/p>\n\n\n\n<p class=\"wp-container-content-27\"><em>Sensing with graphene and 2-dimensional materials<\/em>, Aachen, Germany,&nbsp;<strong>invited talk<\/strong><\/p>\n<\/div>\n\n\n\n<div class=\"wp-block-group alignwide is-content-justification-center is-nowrap is-layout-flex wp-container-core-group-layout-15 wp-block-group-is-layout-flex\">\n<p class=\"wp-container-content-28\">09\/2018<\/p>\n\n\n\n<p class=\"wp-container-content-29\"><em>Chemistry in Live Cells<\/em>, Erlangen, Germany,&nbsp;<strong>invited talk<\/strong><\/p>\n<\/div>\n\n\n\n<div class=\"wp-block-group alignwide is-content-justification-center is-nowrap is-layout-flex wp-container-core-group-layout-16 wp-block-group-is-layout-flex\">\n<p class=\"wp-container-content-30\">06\/2018<\/p>\n\n\n\n<p class=\"wp-container-content-31\"><em>Graphene 2018<\/em>, Dresden, Germany,&nbsp;<strong>invited talk<\/strong><\/p>\n<\/div>\n\n\n\n<div class=\"wp-block-group alignwide is-content-justification-center is-nowrap is-layout-flex wp-container-core-group-layout-17 wp-block-group-is-layout-flex\">\n<p class=\"wp-container-content-32\">05\/2018<\/p>\n\n\n\n<p class=\"wp-container-content-33\"><em>Physikalisches Kolloquium Jena<\/em>, Germany,&nbsp;<strong>invited talk<\/strong><\/p>\n<\/div>\n\n\n\n<div class=\"wp-block-group alignwide is-content-justification-center is-nowrap is-layout-flex wp-container-core-group-layout-18 wp-block-group-is-layout-flex\">\n<p class=\"wp-container-content-34\">02\/2018<\/p>\n\n\n\n<p class=\"wp-container-content-35\"><em>GSMS<\/em>, Kirchberg, Tirol,&nbsp;<strong>invited talk<\/strong><\/p>\n<\/div>\n\n\n\n<div class=\"wp-block-group alignwide is-content-justification-center is-nowrap is-layout-flex wp-container-core-group-layout-19 wp-block-group-is-layout-flex\">\n<p class=\"wp-container-content-36\">01\/2018<\/p>\n\n\n\n<p class=\"wp-container-content-37\"><em>IOM Leipzig<\/em>, Germany,&nbsp;<strong>invited talk<\/strong><\/p>\n<\/div>\n\n\n\n<div class=\"wp-block-group alignwide is-content-justification-center is-nowrap is-layout-flex wp-container-core-group-layout-20 wp-block-group-is-layout-flex\">\n<p class=\"wp-container-content-38\">09\/2017<\/p>\n\n\n\n<p class=\"wp-container-content-39\"><em>International Raman Symposium<\/em>, Ulm, Germany, <strong>invited talk<\/strong><\/p>\n<\/div>\n\n\n\n<div class=\"wp-block-group alignwide is-content-justification-center is-nowrap is-layout-flex wp-container-core-group-layout-21 wp-block-group-is-layout-flex\">\n<p class=\"wp-container-content-40\">08\/2017<\/p>\n\n\n\n<p class=\"wp-container-content-41\"><em>Chem2DMat<\/em>, Strasbourg, France<strong>&nbsp;invited talk<\/strong><\/p>\n<\/div>\n\n\n\n<div class=\"wp-block-group alignwide is-content-justification-center is-nowrap is-layout-flex wp-container-core-group-layout-22 wp-block-group-is-layout-flex\">\n<p class=\"wp-container-content-42\">05\/2017<\/p>\n\n\n\n<p class=\"wp-container-content-43\"><em>TNT2017<\/em>, Dresden, Germany&nbsp;<strong>invited talk<\/strong><\/p>\n<\/div>\n\n\n\n<div class=\"wp-block-group alignwide is-content-justification-center is-nowrap is-layout-flex wp-container-core-group-layout-23 wp-block-group-is-layout-flex\">\n<p class=\"wp-container-content-44\">05\/2017<\/p>\n\n\n\n<p class=\"wp-container-content-45\"><em>ECS Meeting<\/em>, New Orleans, USA<strong> invited talk<\/strong><\/p>\n<\/div>\n\n\n\n<div class=\"wp-block-group alignwide is-content-justification-center is-nowrap is-layout-flex wp-container-core-group-layout-24 wp-block-group-is-layout-flex\">\n<p class=\"wp-container-content-46\">12\/2016<\/p>\n\n\n\n<p class=\"wp-container-content-47\"><em>7th Symposium on Graphene Oxide<\/em>, Himeji, Japan<strong> invited talk<\/strong><\/p>\n<\/div>\n\n\n\n<div class=\"wp-block-group alignwide is-content-justification-center is-nowrap is-layout-flex wp-container-core-group-layout-25 wp-block-group-is-layout-flex\">\n<p class=\"wp-container-content-48\">08\/2016<\/p>\n\n\n\n<p class=\"wp-container-content-49\"><em>EU-Korea workshop<\/em>, Kopenhagen, Denmark<strong> invited talk<\/strong><\/p>\n<\/div>\n\n\n\n<div class=\"wp-block-group alignwide is-content-justification-center is-nowrap is-layout-flex wp-container-core-group-layout-26 wp-block-group-is-layout-flex\">\n<p class=\"wp-container-content-50\">07\/2016<\/p>\n\n\n\n<p class=\"wp-container-content-51\"><em>Carbon 2016<\/em>, Penn State, USA<strong> invited talk<\/strong><\/p>\n<\/div>\n\n\n\n<div class=\"wp-block-group alignwide is-content-justification-center is-nowrap is-layout-flex wp-container-core-group-layout-27 wp-block-group-is-layout-flex\">\n<p class=\"wp-container-content-52\">05\/2016<\/p>\n\n\n\n<p class=\"wp-container-content-53\"><em>KAST Workshop<\/em>, G\u00f6teborg, Sweden<strong> invited talk<\/strong><\/p>\n<\/div>\n\n\n\n<div class=\"wp-block-group alignwide is-content-justification-center is-nowrap is-layout-flex wp-container-core-group-layout-28 wp-block-group-is-layout-flex\">\n<p class=\"wp-container-content-54\">05\/2016<\/p>\n\n\n\n<p class=\"wp-container-content-55\"><em>ECS Meeting<\/em>, San Diego, USA,<strong> invited talk<\/strong><\/p>\n<\/div>\n\n\n\n<div class=\"wp-block-group alignwide is-content-justification-center is-nowrap is-layout-flex wp-container-core-group-layout-29 wp-block-group-is-layout-flex\">\n<p class=\"wp-container-content-56\">08\/2015<\/p>\n\n\n\n<p class=\"wp-container-content-57\"><em>Carbonhagen 2015,<\/em> Kopenhagen, D\u00e4nemark,<strong> invited talk<\/strong><\/p>\n<\/div>\n\n\n\n<div class=\"wp-block-group alignwide is-content-justification-center is-nowrap is-layout-flex wp-container-core-group-layout-30 wp-block-group-is-layout-flex\">\n<p class=\"wp-container-content-58\">08\/2015<\/p>\n\n\n\n<p class=\"wp-container-content-59\"><em>National University of Singapore, <\/em>Singapore,<strong> invited talk<\/strong><\/p>\n<\/div>\n\n\n\n<div class=\"wp-block-group alignwide is-content-justification-center is-nowrap is-layout-flex wp-container-core-group-layout-31 wp-block-group-is-layout-flex\">\n<p class=\"wp-container-content-60\">07\/2015<\/p>\n\n\n\n<p class=\"wp-container-content-61\"><em>16<sup>th<\/sup> International Symposium on Novel Aromatic Compounds (ISNA16)<\/em>, Madrid, Spain, <strong>Poster<\/strong><\/p>\n<\/div>\n\n\n\n<div class=\"wp-block-group alignwide is-content-justification-center is-nowrap is-layout-flex wp-container-core-group-layout-32 wp-block-group-is-layout-flex\">\n<p class=\"wp-container-content-62\">05\/2015<\/p>\n\n\n\n<p class=\"wp-container-content-63\"><em>ECS Meeting, Chicago, <\/em>USA,<strong> invited talk<\/strong><\/p>\n<\/div>\n\n\n\n<div class=\"wp-block-group alignwide is-content-justification-center is-nowrap is-layout-flex wp-container-core-group-layout-33 wp-block-group-is-layout-flex\">\n<p class=\"wp-container-content-64\">04\/2015<\/p>\n\n\n\n<p class=\"wp-container-content-65\"><em>MRS Spring Meeting, Symposium Graphene, <\/em>San Francisco, USA,<strong> invited talk<\/strong><\/p>\n<\/div>\n\n\n\n<div class=\"wp-block-group alignwide is-content-justification-center is-nowrap is-layout-flex wp-container-core-group-layout-34 wp-block-group-is-layout-flex\">\n<p class=\"wp-container-content-66\">03\/2015<\/p>\n\n\n\n<p class=\"wp-container-content-67\">International Winterschool on Electronic Properties of Novel Materials, Kirchberg, Tirol, <strong>invited talk<\/strong><\/p>\n<\/div>\n\n\n\n<div class=\"wp-block-group alignwide is-content-justification-center is-nowrap is-layout-flex wp-container-core-group-layout-35 wp-block-group-is-layout-flex\">\n<p class=\"wp-container-content-68\">03\/2015<\/p>\n\n\n\n<p class=\"wp-container-content-69\"><em>Chemiedozententagung 2015<\/em>, Regensburg, Deutschland,<strong> talk<\/strong><\/p>\n<\/div>\n\n\n\n<div class=\"wp-block-group alignwide is-content-justification-center is-nowrap is-layout-flex wp-container-core-group-layout-36 wp-block-group-is-layout-flex\">\n<p class=\"wp-container-content-70\">02\/2015<\/p>\n\n\n\n<p class=\"wp-container-content-71\">Chalmers University of Technologies, G\u00f6teborg, Sweden, <strong>invited talk<\/strong> <\/p>\n<\/div>\n\n\n\n<div class=\"wp-block-group alignwide is-content-justification-center is-nowrap is-layout-flex wp-container-core-group-layout-37 wp-block-group-is-layout-flex\">\n<p class=\"wp-container-content-72\">02\/2015<\/p>\n\n\n\n<p class=\"wp-container-content-73\">GSMS, Kirchberg, Tirol, <strong>invited talk<\/strong><\/p>\n<\/div>\n\n\n\n<div class=\"wp-block-group alignwide is-content-justification-center is-nowrap is-layout-flex wp-container-core-group-layout-38 wp-block-group-is-layout-flex\">\n<p class=\"wp-container-content-74\">02\/2015<\/p>\n\n\n\n<p class=\"wp-container-content-75\"><em>Symposium: Synthetic Carbon Allotropes: sp3, sp2, and sp-hybridized carbon building blocks, <\/em>Erlangen, Deutschland, <strong>invited talk<\/strong><\/p>\n<\/div>\n\n\n\n<div class=\"wp-block-group alignwide is-content-justification-center is-nowrap is-layout-flex wp-container-core-group-layout-39 wp-block-group-is-layout-flex\">\n<p class=\"wp-container-content-76\">11\/2014<\/p>\n\n\n\n<p class=\"wp-container-content-77\"><em>Arbeitskreis Kohlenstoff, AKK-Tagung<\/em>, Selb, Deutschland, <strong>invited talk<\/strong><\/p>\n<\/div>\n\n\n\n<div class=\"wp-block-group alignwide is-content-justification-center is-nowrap is-layout-flex wp-container-core-group-layout-40 wp-block-group-is-layout-flex\">\n<p class=\"wp-container-content-78\">10\/2014<\/p>\n\n\n\n<p class=\"wp-container-content-79\"><em>Universit\u00e4t Bremen, Bremen, <\/em>Deutschland<em>, <\/em><strong>invited talk<\/strong><\/p>\n<\/div>\n\n\n\n<div class=\"wp-block-group alignwide is-content-justification-center is-nowrap is-layout-flex wp-container-core-group-layout-41 wp-block-group-is-layout-flex\">\n<p class=\"wp-container-content-80\">09\/2014<\/p>\n\n\n\n<p class=\"wp-container-content-81\"><em>From Carbon-Rich Molecules to Carbon-Based Materials<\/em>, El Jadida, Marokko,<strong> talk<\/strong><\/p>\n<\/div>\n\n\n\n<div class=\"wp-block-group alignwide is-content-justification-center is-nowrap is-layout-flex wp-container-core-group-layout-42 wp-block-group-is-layout-flex\">\n<p class=\"wp-container-content-82\">08\/2014<\/p>\n\n\n\n<p class=\"wp-container-content-83\"><em>Carbonhagen, <\/em>Kopenhagen, D\u00e4nemark,<strong> invited talk<\/strong><\/p>\n<\/div>\n\n\n\n<div class=\"wp-block-group alignwide is-content-justification-center is-nowrap is-layout-flex wp-container-core-group-layout-43 wp-block-group-is-layout-flex\">\n<p class=\"wp-container-content-84\">05\/2014<\/p>\n\n\n\n<p class=\"wp-container-content-85\"><em>GrapheneConf<\/em>, Toulouse, Frankreich,<strong> talk<\/strong><\/p>\n<\/div>\n\n\n\n<div class=\"wp-block-group alignwide is-content-justification-center is-nowrap is-layout-flex wp-container-core-group-layout-44 wp-block-group-is-layout-flex\">\n<p class=\"wp-container-content-86\">04\/2014<\/p>\n\n\n\n<p class=\"wp-container-content-87\"><em>Symposium SFB 953<\/em>, Erlangen, Deutschland,<strong> talk<\/strong><\/p>\n<\/div>\n\n\n\n<div class=\"wp-block-group alignwide is-content-justification-center is-nowrap is-layout-flex wp-container-core-group-layout-45 wp-block-group-is-layout-flex\">\n<p class=\"wp-container-content-88\">03\/2014<\/p>\n\n\n\n<p class=\"wp-container-content-89\"><em>Chemiedozententagung 2014<\/em>, Paderborn, Deutschland,<strong> talk<\/strong><\/p>\n<\/div>\n\n\n\n<div class=\"wp-block-group alignwide is-content-justification-center is-nowrap is-layout-flex wp-container-core-group-layout-46 wp-block-group-is-layout-flex\">\n<p class=\"wp-container-content-90\">10\/2013<\/p>\n\n\n\n<p class=\"wp-container-content-91\"><em>International Symposium of SFB 953<\/em>, Erlangen, Deutschland,<strong>Poster<\/strong><\/p>\n<\/div>\n\n\n\n<div class=\"wp-block-group alignwide is-content-justification-center is-nowrap is-layout-flex wp-container-core-group-layout-47 wp-block-group-is-layout-flex\">\n<p class=\"wp-container-content-92\">03\/2013<\/p>\n\n\n\n<p class=\"wp-container-content-93\"><em>Chemiedozententagung 2013<\/em>, Berlin, Deutschland,<strong> talk<\/strong><\/p>\n<\/div>\n\n\n\n<div class=\"wp-block-group alignwide is-content-justification-center is-nowrap is-layout-flex wp-container-core-group-layout-48 wp-block-group-is-layout-flex\">\n<p class=\"wp-container-content-94\">05\/2012<\/p>\n\n\n\n<p class=\"wp-container-content-95\"><em>MPL meets ZMP<\/em>, Erlangen, Deutschalnd,<strong> talk<\/strong><\/p>\n<\/div>\n\n\n\n<div class=\"wp-block-group alignwide is-content-justification-center is-nowrap is-layout-flex wp-container-core-group-layout-49 wp-block-group-is-layout-flex\">\n<p class=\"wp-container-content-96\">04\/2012<\/p>\n\n\n\n<p class=\"wp-container-content-97\"><em>Klausurtagung SFB 953<\/em>, Bad Staffelstein, Deutschland,<strong> talk<\/strong><\/p>\n<\/div>\n\n\n\n<div class=\"wp-block-group alignwide is-content-justification-center is-nowrap is-layout-flex wp-container-core-group-layout-50 wp-block-group-is-layout-flex\">\n<p class=\"wp-container-content-98\">07\/2011<\/p>\n\n\n\n<p class=\"wp-container-content-99\"><em>AKK-Tagung<\/em>, Schunk Kohlenstofftechnik, Heuchelheim, Deutschalnd,<strong> invited talk<\/strong><\/p>\n<\/div>\n\n\n\n<div class=\"wp-block-group alignwide is-content-justification-center is-nowrap is-layout-flex wp-container-core-group-layout-51 wp-block-group-is-layout-flex\">\n<p class=\"wp-container-content-100\">06\/2011<\/p>\n\n\n\n<p class=\"wp-container-content-101\"><em>IRTG Soft Matter Science<\/em>, Freiburg, Deutschland,<strong> invited talk<\/strong><\/p>\n<\/div>\n\n\n\n<div class=\"wp-block-group alignwide is-content-justification-center is-nowrap is-layout-flex wp-container-core-group-layout-52 wp-block-group-is-layout-flex\">\n<p class=\"wp-container-content-102\">12\/2010<\/p>\n\n\n\n<p class=\"wp-container-content-103\"><em>Cluster of Excellence in Erlangen<\/em>, Erlangen, Deutschland,<strong> talk<\/strong><\/p>\n<\/div>\n<\/div><\/div>\n\n\n\n<h2 class=\"wp-block-heading alignwide\"><span class=\"hervorheben\">Reviewer&nbsp;for&nbsp;Journals<\/span><\/h2>\n\n\n\n<p>Angewandte Chemie, Advanced Materials, Journal of the American Chemical Society, Nature Communications, Nanoscale, Journal of Physical Chemistry, Advanced Materials Interfaces, Carbon, Materials Science in Semiconductor Processing.<\/p>\n","protected":false},"excerpt":{"rendered":"<p>Publications All publications can be found at Google citations or in our Publications list. Reviewer&nbsp;for&nbsp;Journals Angewandte Chemie, Advanced Materials, Journal of the American Chemical Society, Nature Communications, Nanoscale, Journal of Physical Chemistry, Advanced Materials Interfaces, Carbon, Materials Science in Semiconductor Processing.<\/p>\n","protected":false},"author":1,"featured_media":0,"parent":125,"menu_order":1,"comment_status":"closed","ping_status":"closed","template":"","meta":{"footnotes":""},"_links":{"self":[{"href":"https:\/\/userpage.fu-berlin.de\/~eigler\/wp-json\/wp\/v2\/pages\/69"}],"collection":[{"href":"https:\/\/userpage.fu-berlin.de\/~eigler\/wp-json\/wp\/v2\/pages"}],"about":[{"href":"https:\/\/userpage.fu-berlin.de\/~eigler\/wp-json\/wp\/v2\/types\/page"}],"author":[{"embeddable":true,"href":"https:\/\/userpage.fu-berlin.de\/~eigler\/wp-json\/wp\/v2\/users\/1"}],"replies":[{"embeddable":true,"href":"https:\/\/userpage.fu-berlin.de\/~eigler\/wp-json\/wp\/v2\/comments?post=69"}],"version-history":[{"count":152,"href":"https:\/\/userpage.fu-berlin.de\/~eigler\/wp-json\/wp\/v2\/pages\/69\/revisions"}],"predecessor-version":[{"id":4221,"href":"https:\/\/userpage.fu-berlin.de\/~eigler\/wp-json\/wp\/v2\/pages\/69\/revisions\/4221"}],"up":[{"embeddable":true,"href":"https:\/\/userpage.fu-berlin.de\/~eigler\/wp-json\/wp\/v2\/pages\/125"}],"wp:attachment":[{"href":"https:\/\/userpage.fu-berlin.de\/~eigler\/wp-json\/wp\/v2\/media?parent=69"}],"curies":[{"name":"wp","href":"https:\/\/api.w.org\/{rel}","templated":true}]}}