{"id":1499,"date":"2019-02-12T16:58:56","date_gmt":"2019-02-12T15:58:56","guid":{"rendered":"http:\/\/userpage.fu-berlin.de\/~eigler\/?page_id=1499"},"modified":"2025-04-15T13:57:18","modified_gmt":"2025-04-15T11:57:18","slug":"m-sc-maria-maranska","status":"publish","type":"page","link":"https:\/\/userpage.fu-berlin.de\/~eigler\/home\/former-group-members\/m-sc-maria-maranska\/","title":{"rendered":"M.Sc. Maria Maranska"},"content":{"rendered":"<div>\n<table style=\"height: 351px;\" border=\"0\" width=\"821\">\n<tbody>\n<tr>\n<td><img loading=\"lazy\" decoding=\"async\" class=\"alignnone wp-image-1521 size-medium\" src=\"http:\/\/userpage.fu-berlin.de\/~eigler\/wp-content\/uploads\/2019\/02\/maria-maranska-foto.1024x1024-300x300.jpg\" alt=\"\" width=\"300\" height=\"300\" srcset=\"https:\/\/userpage.fu-berlin.de\/~eigler\/wp-content\/uploads\/2019\/02\/maria-maranska-foto.1024x1024-300x300.jpg 300w, https:\/\/userpage.fu-berlin.de\/~eigler\/wp-content\/uploads\/2019\/02\/maria-maranska-foto.1024x1024-150x150.jpg 150w, https:\/\/userpage.fu-berlin.de\/~eigler\/wp-content\/uploads\/2019\/02\/maria-maranska-foto.1024x1024-768x768.jpg 768w, https:\/\/userpage.fu-berlin.de\/~eigler\/wp-content\/uploads\/2019\/02\/maria-maranska-foto.1024x1024-67x67.jpg 67w, https:\/\/userpage.fu-berlin.de\/~eigler\/wp-content\/uploads\/2019\/02\/maria-maranska-foto.1024x1024.jpg 1024w\" sizes=\"(max-width: 300px) 100vw, 300px\" \/><\/td>\n<td>\n<div class=\"ApplePlainTextBody\">\n<p>M.Sc. Maria Maranska<br \/>\n(Doctoral Candidate)<\/p>\n<p><span style=\"font-family: inherit; font-size: inherit;\">Freie Universit\u00e4t Berlin (FU-Berlin)<br \/>\n<\/span><span style=\"font-family: inherit; font-size: inherit;\">Institut f\u00fcr Chemie und Biochemie<br \/>\n<\/span><span style=\"font-family: inherit; font-size: inherit;\">Takustra\u00dfe 3<br \/>\n<\/span><span style=\"font-family: inherit; font-size: inherit;\">D-14195 Berlin,\u00a0<\/span><span style=\"font-family: inherit; font-size: inherit;\">Germany<\/span><\/p>\n<p><span style=\"font-family: inherit; font-size: inherit;\">Mail: <\/span><a style=\"font-family: inherit; font-size: inherit;\" href=\"mailto:maria.maranska@fu-berlin.de\">maria.maranska@fu-berlin.de<\/a><\/p>\n<\/div>\n<\/td>\n<\/tr>\n<\/tbody>\n<\/table>\n<\/div>\n<div><\/div>\n<div>\n<div id=\"AppleMailSignature\">\n<div><strong>Scientific<\/strong><\/div>\n<div>\n<table style=\"height: 97px;\" width=\"590\">\n<tbody>\n<tr>\n<td>\n<div class=\"pub \"><strong>Master Thesis<br \/>\n<\/strong><em><em><em><span style=\"font-family: inherit; font-size: inherit;\">&#8220;<\/span>Ionic covalent organic frameworks.<span style=\"font-family: inherit; font-size: inherit;\">&#8220;<\/span><\/em><\/em><\/em><\/p>\n<\/div>\n<div class=\"pub \"><strong style=\"font-family: inherit; font-size: inherit;\">Bachelor Thesis<br \/>\n<\/strong><em><em><em>&#8220;Synthese und Charakterisierung von Silica-Nanopartikeln mit unterschiedlicher Rauigkeit.&#8221;<\/em><\/em><\/em><\/p>\n<\/div>\n<div>\u00a0<strong>Research Topics<\/strong><\/div>\n<ul>\n<li>graphene-based 2D hybrid materials<\/li>\n<li>fluorination of graphene<\/li>\n<li>organic-inorganic nanocomposites<\/li>\n<li>SS-NMR, Raman spectroscopy, AFM, XRD<\/li>\n<\/ul>\n<div><strong style=\"font-family: inherit; font-size: inherit;\">\u00a0<\/strong><\/div>\n<\/td>\n<\/tr>\n<\/tbody>\n<\/table>\n<\/div>\n<\/div>\n<div>\n<div><\/div>\n<\/div>\n<p><strong>Curriculum Vitae<\/strong><\/p>\n<\/div>\n<div>\n<table border=\"0\">\n<tbody>\n<tr>\n<td>since Mar. 2020<\/td>\n<td><span class=\"\">R&amp;D Project Manager<\/span> at Nanopet Pharma GmbH<\/td>\n<\/tr>\n<tr>\n<td>Feb. 2019-Feb. 2020<\/td>\n<td>Doctoral Candidate, FU Berlin, Germany<\/td>\n<\/tr>\n<tr>\n<td>Oct. 2017-Sept. 2018<\/td>\n<td>Research scientist at Institute for product quality Berlin, Germany<\/td>\n<\/tr>\n<tr>\n<td>Apr.-Sept. 2017<\/td>\n<td>Master thesis, TU Berlin, Functional materials research group, Germany<\/td>\n<\/tr>\n<tr>\n<td>2015-2017<\/td>\n<td>Studies of Chemistry TU Berlin, Germany<\/td>\n<\/tr>\n<tr>\n<td>Sept.-Nov. 2015<\/td>\n<td>Bachelor Thesis, FU Berlin, Germany<\/td>\n<\/tr>\n<tr>\n<td>2012-2015<\/td>\n<td>Studies of Chemistry FU Berlin, Germany<\/td>\n<\/tr>\n<\/tbody>\n<\/table>\n<\/div>\n<div><\/div>\n<div>\n<div><strong>Publications<\/strong><\/div>\n<div>\n<table>\n<tbody>\n<tr>\n<td>\n<div>\n<div><strong>4)<\/strong> G. Reina, C. Gabellini, <strong>M. Maranska<\/strong>, F. Grote, S. M. Chin, L. Jacquemin, F. Berger, P. Posocco, S. Eigler and A. Bianco<br \/>\n<em>The importance of molecular structure and functionalization of oxo-graphene sheets for gene silencing.<\/em><\/div>\n<\/div>\n<div><a href=\"https:\/\/doi.org\/10.1016\/j.carbon.2022.03.066\">Carbon <strong>2022<\/strong>, <em>195<\/em>, 69-79.<\/a><\/p>\n<\/div>\n<div>\n<div><strong>3)<\/strong> I. K. Ilic, K. Leus, J. Schmidt, J. Hwang, <strong>M. <\/strong><span class=\"hit\"><strong>Maranska<\/strong>, S.<\/span> Eigler and C. Liedel<\/div>\n<div><em>Polymerization in Carbone: A Novel Method for the Synthesis of More Sustainable Electrodes and Their Application as Cathodes for Lithium-?Organic Energy Storage Materials Based On Vanillin.<\/em><\/div>\n<div><a href=\"https:\/\/pubs.acs.org\/doi\/10.1021\/acssuschemeng.9b04797\"><span class=\"cit-title\">ACS Sustainable Chem. Eng. <\/span><strong><span class=\"cit-year-info\">2020<\/span><\/strong><span class=\"cit-volume\">, 8<\/span><span class=\"cit-issue\">, <em>8<\/em><\/span><span class=\"cit-pageRange\">, 3055-3064.<\/span><\/a><\/p>\n<div class=\"pub \"><\/div>\n<div><strong>2<\/strong><strong>)<\/strong> S. E. Wawra, G. Onishchukov, <strong>M. Maranska<\/strong>, S. Eigler, J. Walter and W. Peukert<\/div>\n<\/div>\n<\/div>\n<div><em>A Multiwavelength Emission Detector for Analytical Ultracentrifugation.<\/em><\/div>\n<div><a href=\"https:\/\/pubs.rsc.org\/en\/Content\/ArticleLanding\/2019\/NA\/C9NA00487D#!divAbstract\">Nanoscale Adv., <strong>2019<\/strong>.<\/a><\/p>\n<div class=\"pub \"><\/div>\n<div><strong>1)<\/strong> P. Feicht , J. Biskupek, T. Gorelik, J. Renner, C. Halbig,\u00a0<strong>M.<\/strong> <strong>Maranska, <\/strong>F. Puchtler, U. Kaiser and S. Eigler*<\/div>\n<\/div>\n<div><em>Brodie or Hummers\u2019 \u2013 Oxidation Conditions Determine the Structure of Graphene Oxide. <\/em><\/div>\n<div><a href=\"https:\/\/onlinelibrary.wiley.com\/doi\/full\/10.1002\/chem.201901499\">Chem. Eur. J., <strong>2019<\/strong>, <em>25<\/em>, 8955-8959.<\/a><\/div>\n<div><\/div>\n<\/td>\n<\/tr>\n<\/tbody>\n<\/table>\n<\/div>\n<\/div>\n","protected":false},"excerpt":{"rendered":"<p>M.Sc. Maria Maranska (Doctoral Candidate) Freie Universit\u00e4t Berlin (FU-Berlin) Institut f\u00fcr Chemie und Biochemie Takustra\u00dfe 3 D-14195 Berlin,\u00a0Germany Mail: maria.maranska@fu-berlin.de Scientific Master Thesis &#8220;Ionic covalent organic frameworks.&#8220; Bachelor Thesis &#8220;Synthese und Charakterisierung von Silica-Nanopartikeln mit unterschiedlicher Rauigkeit.&#8221; \u00a0Research Topics graphene-based 2D hybrid materials fluorination of graphene organic-inorganic nanocomposites SS-NMR, Raman spectroscopy, AFM, XRD \u00a0 Curriculum [&hellip;]<\/p>\n","protected":false},"author":4,"featured_media":0,"parent":1201,"menu_order":6,"comment_status":"closed","ping_status":"closed","template":"","meta":{"footnotes":""},"_links":{"self":[{"href":"https:\/\/userpage.fu-berlin.de\/~eigler\/wp-json\/wp\/v2\/pages\/1499"}],"collection":[{"href":"https:\/\/userpage.fu-berlin.de\/~eigler\/wp-json\/wp\/v2\/pages"}],"about":[{"href":"https:\/\/userpage.fu-berlin.de\/~eigler\/wp-json\/wp\/v2\/types\/page"}],"author":[{"embeddable":true,"href":"https:\/\/userpage.fu-berlin.de\/~eigler\/wp-json\/wp\/v2\/users\/4"}],"replies":[{"embeddable":true,"href":"https:\/\/userpage.fu-berlin.de\/~eigler\/wp-json\/wp\/v2\/comments?post=1499"}],"version-history":[{"count":45,"href":"https:\/\/userpage.fu-berlin.de\/~eigler\/wp-json\/wp\/v2\/pages\/1499\/revisions"}],"predecessor-version":[{"id":3305,"href":"https:\/\/userpage.fu-berlin.de\/~eigler\/wp-json\/wp\/v2\/pages\/1499\/revisions\/3305"}],"up":[{"embeddable":true,"href":"https:\/\/userpage.fu-berlin.de\/~eigler\/wp-json\/wp\/v2\/pages\/1201"}],"wp:attachment":[{"href":"https:\/\/userpage.fu-berlin.de\/~eigler\/wp-json\/wp\/v2\/media?parent=1499"}],"curies":[{"name":"wp","href":"https:\/\/api.w.org\/{rel}","templated":true}]}}